{"id":544,"date":"2023-06-13T12:50:46","date_gmt":"2023-06-13T10:50:46","guid":{"rendered":"http:\/\/akompano.fr\/?page_id=544"},"modified":"2024-12-02T17:07:19","modified_gmt":"2024-12-02T16:07:19","slug":"rgpd","status":"publish","type":"page","link":"https:\/\/akompano.fr\/index.php\/rgpd\/","title":{"rendered":"Donn\u00e9es personnelles"},"content":{"rendered":"\n<p>Akompano est amen\u00e9 \u00e0 traiter des donn\u00e9es personnelles dans 2 cas de figure&nbsp;:<\/p>\n\n\n\n<ul class=\"wp-block-list\">\n<li>Dans le cadre de la gestion de l\u2019entreprise, en tant que responsable de traitement, notamment vis-\u00e0-vis de la relation avec nos clients et au titre de la gestion des salari\u00e9s de l\u2019entreprise,<\/li>\n\n\n\n<li>Dans le cadre des prestations r\u00e9alis\u00e9es pour le compte de nos clients, en tant que sous-traitant.<\/li>\n<\/ul>\n\n\n\n<p>A ce titre, Akompano se conforme aux principes et obligations d\u00e9finies dans le R\u00e8glement G\u00e9n\u00e9ral europ\u00e9en pour la Protection des Donn\u00e9es (RGPD) et aux directives de la Commission Nationale de l\u2019Informatique et des Libert\u00e9s (CNIL).<\/p>\n\n\n\n<p>En outre&nbsp;:<\/p>\n\n\n\n<ul class=\"wp-block-list\">\n<li>Akompano a d\u00e9sign\u00e9 un d\u00e9l\u00e9gu\u00e9 \u00e0 la protection des donn\u00e9es en la personne de l\u2019un des associ\u00e9s de l\u2019entreprise,<\/li>\n\n\n\n<li>Akompano tient \u00e0 jour 2 registres de traitements vis-\u00e0-vis d\u2019une part des traitements dont elle est responsable de traitement et d\u2019autre part des traitements dont elle est sous-traitant,<\/li>\n\n\n\n<li>Akompano met en \u0153uvre les proc\u00e9dures et mesures de s\u00e9curit\u00e9 ad\u00e9quates pour prot\u00e9ger les donn\u00e9es concern\u00e9es,<\/li>\n\n\n\n<li>Akompano s\u2019assure sur du bon respect des r\u00e8gles de conservation applicables \u00e0 ces donn\u00e9es conform\u00e9ment au r\u00e9f\u00e9rentiel de conservation de l\u2019entreprise et aux r\u00e8gles \u00e9tablies par les clients en cas de sous-traitance, et de la bonne \u00e9limination de ces donn\u00e9es au terme de ces dur\u00e9es de conservation,<\/li>\n\n\n\n<li>Akompano s\u2019assure du respect des droits des personnes concern\u00e9es en r\u00e9pondant \u00e0 leurs sollicitations le cas \u00e9ch\u00e9ant.<\/li>\n<\/ul>\n\n\n\n<p>Ces r\u00e8gles s&rsquo;appliquent en outre aux donn\u00e9es personnelles collect\u00e9es dans le cadre de l&rsquo;utilisation du pr\u00e9sent site.<\/p>\n\n\n\n<p>En cas de demandes d&rsquo;informations concernant notre politique en mati\u00e8re de protection des donn\u00e9es personnelles ou pour exercer vos droits sur ces donn\u00e9es, vous pouvez contacter notre d\u00e9l\u00e9gu\u00e9 \u00e0 la protection des donn\u00e9es par l&rsquo;interm\u00e9diaire de l&rsquo;e-mail contact@akompano.fr<\/p>\n\n\n\n<p><\/p>\n","protected":false},"excerpt":{"rendered":"<p>Akompano est amen\u00e9 \u00e0 traiter des donn\u00e9es personnelles dans 2 cas de figure&nbsp;: A ce titre, Akompano se conforme aux principes et obligations d\u00e9finies dans le R\u00e8glement G\u00e9n\u00e9ral europ\u00e9en pour la Protection des Donn\u00e9es (RGPD) et aux directives de la Commission Nationale de l\u2019Informatique et des Libert\u00e9s (CNIL). En outre&nbsp;: Ces r\u00e8gles s&rsquo;appliquent en outre [&hellip;]<\/p>\n","protected":false},"author":1,"featured_media":0,"parent":0,"menu_order":0,"comment_status":"closed","ping_status":"closed","template":"","meta":{"zakra_page_container_layout":"customizer","zakra_page_sidebar_layout":"customizer","zakra_remove_content_margin":false,"zakra_sidebar":"customizer","zakra_transparent_header":"customizer","zakra_logo":0,"zakra_main_header_style":"default","zakra_menu_item_color":"","zakra_menu_item_hover_color":"","zakra_menu_item_active_color":"","zakra_menu_active_style":"","zakra_page_header":true,"_monsterinsights_skip_tracking":false,"_monsterinsights_sitenote_active":false,"_monsterinsights_sitenote_note":"","_monsterinsights_sitenote_category":0,"footnotes":""},"class_list":["post-544","page","type-page","status-publish","hentry"],"_links":{"self":[{"href":"https:\/\/akompano.fr\/index.php\/wp-json\/wp\/v2\/pages\/544","targetHints":{"allow":["GET"]}}],"collection":[{"href":"https:\/\/akompano.fr\/index.php\/wp-json\/wp\/v2\/pages"}],"about":[{"href":"https:\/\/akompano.fr\/index.php\/wp-json\/wp\/v2\/types\/page"}],"author":[{"embeddable":true,"href":"https:\/\/akompano.fr\/index.php\/wp-json\/wp\/v2\/users\/1"}],"replies":[{"embeddable":true,"href":"https:\/\/akompano.fr\/index.php\/wp-json\/wp\/v2\/comments?post=544"}],"version-history":[{"count":5,"href":"https:\/\/akompano.fr\/index.php\/wp-json\/wp\/v2\/pages\/544\/revisions"}],"predecessor-version":[{"id":616,"href":"https:\/\/akompano.fr\/index.php\/wp-json\/wp\/v2\/pages\/544\/revisions\/616"}],"wp:attachment":[{"href":"https:\/\/akompano.fr\/index.php\/wp-json\/wp\/v2\/media?parent=544"}],"curies":[{"name":"wp","href":"https:\/\/api.w.org\/{rel}","templated":true}]}}